{"version":"1.0","provider_name":"Elnagh","provider_url":"https:\/\/www.elnagh.com\/es\/","author_name":"admin@25","author_url":"https:\/\/www.elnagh.com\/es\/author\/admin25\/","title":"Elnagh al Sal\u00f3n Internacional del Caravaning - Elnagh","type":"rich","width":600,"height":338,"html":"<blockquote class=\"wp-embedded-content\" data-secret=\"HLAtqDiut1\"><a href=\"https:\/\/www.elnagh.com\/es\/elnagh-al-salon-internacional-del-caravaning-3\/\">Elnagh al Sal\u00f3n Internacional del Caravaning<\/a><\/blockquote><iframe sandbox=\"allow-scripts\" security=\"restricted\" src=\"https:\/\/www.elnagh.com\/es\/elnagh-al-salon-internacional-del-caravaning-3\/embed\/#?secret=HLAtqDiut1\" width=\"600\" height=\"338\" title=\"\u00abElnagh al Sal\u00f3n Internacional del Caravaning\u00bb \u2014 Elnagh\" data-secret=\"HLAtqDiut1\" frameborder=\"0\" marginwidth=\"0\" marginheight=\"0\" scrolling=\"no\" class=\"wp-embedded-content\"><\/iframe><script>\n\/*! This file is auto-generated *\/\n!function(d,l){\"use strict\";l.querySelector&&d.addEventListener&&\"undefined\"!=typeof URL&&(d.wp=d.wp||{},d.wp.receiveEmbedMessage||(d.wp.receiveEmbedMessage=function(e){var t=e.data;if((t||t.secret||t.message||t.value)&&!\/[^a-zA-Z0-9]\/.test(t.secret)){for(var s,r,n,a=l.querySelectorAll('iframe[data-secret=\"'+t.secret+'\"]'),o=l.querySelectorAll('blockquote[data-secret=\"'+t.secret+'\"]'),c=new RegExp(\"^https?:$\",\"i\"),i=0;i<o.length;i++)o[i].style.display=\"none\";for(i=0;i<a.length;i++)s=a[i],e.source===s.contentWindow&&(s.removeAttribute(\"style\"),\"height\"===t.message?(1e3<(r=parseInt(t.value,10))?r=1e3:~~r<200&&(r=200),s.height=r):\"link\"===t.message&&(r=new URL(s.getAttribute(\"src\")),n=new URL(t.value),c.test(n.protocol))&&n.host===r.host&&l.activeElement===s&&(d.top.location.href=t.value))}},d.addEventListener(\"message\",d.wp.receiveEmbedMessage,!1),l.addEventListener(\"DOMContentLoaded\",function(){for(var e,t,s=l.querySelectorAll(\"iframe.wp-embedded-content\"),r=0;r<s.length;r++)(t=(e=s[r]).getAttribute(\"data-secret\"))||(t=Math.random().toString(36).substring(2,12),e.src+=\"#?secret=\"+t,e.setAttribute(\"data-secret\",t)),e.contentWindow.postMessage({message:\"ready\",secret:t},\"*\")},!1)))}(window,document);\n\/\/# sourceURL=https:\/\/www.elnagh.com\/wp-includes\/js\/wp-embed.min.js\n<\/script>\n","thumbnail_url":"https:\/\/www.elnagh.com\/wp-content\/uploads\/2025\/02\/MAGNUM-530-2-scaled.jpg","thumbnail_width":2560,"thumbnail_height":1707,"description":"Elnagh participar\u00e1 en la\u00a0edici\u00f3n del Sal\u00f3n Internacional del Caravaning que se celebrar\u00e1 en Barcelona, en el Recinto de Gran V\u00eda, del\u00a07 al\u00a015 de octubre. Estos son los n\u00fameros del Sal\u00f3n, uno de los principales eventos en el sur de Europa dedicado al mundo de los campistas y caravanas. Elnagh te espera en\u00a0el Stand B19\u00a0para descubrir, &hellip; Continued"}